{"version":"1.0","provider_name":"PR-Doktor","provider_url":"https:\/\/www.kerstin-hoffmann.de\/pr-doktor","author_name":"Dr. Kerstin Hoffmann","author_url":"https:\/\/www.kerstin-hoffmann.de\/pr-doktor\/author\/kerstinhoffmann\/","title":"Pers\u00f6nliche Redaktionsplanung f\u00fcr CEOs, F\u00fchrungskr\u00e4fte, Corporate Influencer - PR-Doktor","type":"rich","width":600,"height":338,"html":"<blockquote class=\"wp-embedded-content\" data-secret=\"RvxDZr6OHF\"><a href=\"https:\/\/www.kerstin-hoffmann.de\/pr-doktor\/persoenliche-redaktionsplanung\/\">Pers\u00f6nliche Redaktionsplanung f\u00fcr CEOs, F\u00fchrungskr\u00e4fte, Corporate Influencer<\/a><\/blockquote><iframe sandbox=\"allow-scripts\" security=\"restricted\" src=\"https:\/\/www.kerstin-hoffmann.de\/pr-doktor\/persoenliche-redaktionsplanung\/embed\/#?secret=RvxDZr6OHF\" width=\"600\" height=\"338\" title=\"&#8222;Pers\u00f6nliche Redaktionsplanung f\u00fcr CEOs, F\u00fchrungskr\u00e4fte, Corporate Influencer&#8220; &#8211; PR-Doktor\" data-secret=\"RvxDZr6OHF\" frameborder=\"0\" marginwidth=\"0\" marginheight=\"0\" scrolling=\"no\" class=\"wp-embedded-content\"><\/iframe><script type=\"text\/javascript\">\n\/* <![CDATA[ *\/\n\/*! This file is auto-generated *\/\n!function(d,l){\"use strict\";l.querySelector&&d.addEventListener&&\"undefined\"!=typeof URL&&(d.wp=d.wp||{},d.wp.receiveEmbedMessage||(d.wp.receiveEmbedMessage=function(e){var t=e.data;if((t||t.secret||t.message||t.value)&&!\/[^a-zA-Z0-9]\/.test(t.secret)){for(var s,r,n,a=l.querySelectorAll('iframe[data-secret=\"'+t.secret+'\"]'),o=l.querySelectorAll('blockquote[data-secret=\"'+t.secret+'\"]'),c=new RegExp(\"^https?:$\",\"i\"),i=0;i<o.length;i++)o[i].style.display=\"none\";for(i=0;i<a.length;i++)s=a[i],e.source===s.contentWindow&&(s.removeAttribute(\"style\"),\"height\"===t.message?(1e3<(r=parseInt(t.value,10))?r=1e3:~~r<200&&(r=200),s.height=r):\"link\"===t.message&&(r=new URL(s.getAttribute(\"src\")),n=new URL(t.value),c.test(n.protocol))&&n.host===r.host&&l.activeElement===s&&(d.top.location.href=t.value))}},d.addEventListener(\"message\",d.wp.receiveEmbedMessage,!1),l.addEventListener(\"DOMContentLoaded\",function(){for(var e,t,s=l.querySelectorAll(\"iframe.wp-embedded-content\"),r=0;r<s.length;r++)(t=(e=s[r]).getAttribute(\"data-secret\"))||(t=Math.random().toString(36).substring(2,12),e.src+=\"#?secret=\"+t,e.setAttribute(\"data-secret\",t)),e.contentWindow.postMessage({message:\"ready\",secret:t},\"*\")},!1)))}(window,document);\n\/\/# sourceURL=https:\/\/www.kerstin-hoffmann.de\/pr-doktor\/wp-includes\/js\/wp-embed.min.js\n\/* ]]> *\/\n<\/script>\n","thumbnail_url":"https:\/\/www.kerstin-hoffmann.de\/pr-doktor\/wp-content\/uploads\/2025\/01\/jahresplanung.jpg","thumbnail_width":825,"thumbnail_height":466,"description":"Von der Contentstrategie zur konkreten Jahresplanung f\u00fcr die pers\u00f6nliche Kommunikation von CEOs und anderen F\u00fchrungskr\u00e4ften (nicht nur) in sozialen Netzwerken: In diesem ausf\u00fchrlichen Ratgeber-Beitrag mit Checklisten stelle ich eine Struktur f\u00fcr das gesamte Jahr vor und mache Vorschl\u00e4ge f\u00fcr die Umsetzung in einem Redaktionskalender. Dabei geht es sowohl um die eigene Ausrichtung als auch um [&hellip;]"}